{"id":2660,"date":"2016-07-20T13:01:29","date_gmt":"2016-07-20T13:01:29","guid":{"rendered":"http:\/\/thurzozoltan.com\/en\/?page_id=2660"},"modified":"2016-10-27T11:59:28","modified_gmt":"2016-10-27T11:59:28","slug":"bartok-reflected-in-the-local-media-of-oradea","status":"publish","type":"page","link":"http:\/\/thurzozoltan.com\/en\/books\/bartok-reflected-in-the-local-media-of-oradea\/","title":{"rendered":"Bart\u00f3k reflected in the local media of Oradea"},"content":{"rendered":"[et_pb_section admin_label=&#8221;Section&#8221; fullwidth=&#8221;on&#8221; specialty=&#8221;off&#8221; transparent_background=&#8221;on&#8221; background_color=&#8221;#ffffff&#8221; allow_player_pause=&#8221;off&#8221; inner_shadow=&#8221;off&#8221; parallax=&#8221;off&#8221; parallax_method=&#8221;off&#8221; padding_mobile=&#8221;off&#8221; make_fullwidth=&#8221;off&#8221; use_custom_width=&#8221;off&#8221; width_unit=&#8221;on&#8221; make_equal=&#8221;off&#8221; use_custom_gutter=&#8221;off&#8221;][et_pb_fullwidth_post_title admin_label=&#8221;Fullwidth Post Title&#8221; title=&#8221;on&#8221; meta=&#8221;off&#8221; author=&#8221;on&#8221; date=&#8221;on&#8221; categories=&#8221;on&#8221; comments=&#8221;on&#8221; featured_image=&#8221;off&#8221; featured_placement=&#8221;below&#8221; parallax_effect=&#8221;on&#8221; parallax_method=&#8221;on&#8221; text_orientation=&#8221;center&#8221; text_color=&#8221;dark&#8221; text_background=&#8221;off&#8221; text_bg_color=&#8221;rgba(255,255,255,0.9)&#8221; module_bg_color=&#8221;rgba(255,255,255,0)&#8221; title_font_size=&#8221;36&#8243; title_font_size_tablet=&#8221;29&#8243; title_font_size_phone=&#8221;20&#8243; title_font_size_last_edited=&#8221;on|phone&#8221; title_text_color=&#8221;#fee29b&#8221; title_all_caps=&#8221;off&#8221; use_border_color=&#8221;off&#8221; border_color=&#8221;#ffffff&#8221; border_style=&#8221;solid&#8221;]\n[\/et_pb_fullwidth_post_title][\/et_pb_section][et_pb_section admin_label=&#8221;section&#8221; transparent_background=&#8221;on&#8221; background_color=&#8221;#ffffff&#8221; allow_player_pause=&#8221;off&#8221; inner_shadow=&#8221;off&#8221; parallax=&#8221;off&#8221; parallax_method=&#8221;off&#8221; padding_mobile=&#8221;off&#8221; make_fullwidth=&#8221;off&#8221; use_custom_width=&#8221;off&#8221; width_unit=&#8221;on&#8221; make_equal=&#8221;off&#8221; use_custom_gutter=&#8221;off&#8221;][et_pb_row admin_label=&#8221;Row&#8221;][et_pb_column type=&#8221;2_3&#8243;][et_pb_text admin_label=&#8221;Text&#8221; background_layout=&#8221;light&#8221; text_orientation=&#8221;left&#8221; use_border_color=&#8221;off&#8221; border_color=&#8221;#ffffff&#8221; border_style=&#8221;solid&#8221;]\n<p style=\"text-align: justify;\">B\u00e9la Bart\u00f3k is closely bound to Oradea.\u00a0This name represents a concept in all musical circles.\u00a0His personality and the way he functioned are key points in the history of music.\u00a0In the musical events.<\/p>\n<p style=\"text-align: justify;\">There are only a few names so strongly linked to the revolutionary spiritual evolution, as that of B\u00e9la Bart\u00f3k.\u00a0In the following lines, the reader will find information to fill in the blank.\u00a0Only a few know that at the age of 10, B\u00e9la Bart\u00f3k spent the first half of the 1891-1892 school session, in Oradea.\u00a0He studied here music composition, in the second grade of the city\u2019s high school, in Ferenc Kersch\u2019s class, whom was once a pupil of Franz Liszt.\u00a0In B\u00e9la Bart\u00f3k\u2019s existence &#8211; as pupil in the beginning and later on as a composer, artist, collector of folk music, and finally, last but not least, through national cohesive activities &#8211; the residence in Oradea was of great importance.<\/p>\n<p style=\"text-align: justify;\"><a class=\"et_pb_lightbox_image\" href=\"http:\/\/thurzozoltan.com\/wp-content\/uploads\/2016\/06\/Bart\u00f3k-B\u00e9la-1.bmp\"><img loading=\"lazy\" decoding=\"async\" class=\"alignleft wp-image-6306\" src=\"http:\/\/thurzozoltan.com\/wp-content\/uploads\/2016\/06\/Bart\u00f3k-B\u00e9la-1.bmp\" alt=\"Bart\u00f3k B\u00e9la 1\" width=\"276\" height=\"172\" \/><\/a>Later, Bart\u00f3k is bound to Oradea by his first apprentice, Stef\u00e1nia Fischer Ervinn\u00e9 Szalay.\u00a0On many occasions, on his concert tours, B\u00e9la Bart\u00f3k is a guest in the Fischer-Szalay couple\u2019s home.\u00a0Many times, Oradea was the first stop of his Transylvanian tours.\u00a0His entire life, B\u00e9la Bart\u00f3k proclaimed the brotherhood of nations though his music and words.\u00a0B\u00e9la Bart\u00f3k\u2019s unique musical idiom was the creation of connection and climate.\u00a0We know that B\u00e9la Bart\u00f3k enhanced the impressive reputation of Oradea\u2019s musical values, in the wide world.<\/p>\n<p style=\"text-align: justify;\"><a class=\"et_pb_lightbox_image\" href=\"http:\/\/thurzozoltan.com\/wp-content\/uploads\/2016\/06\/Bart\u00f3k-B\u00e9la-2.bmp\"><img loading=\"lazy\" decoding=\"async\" class=\"alignright wp-image-6310\" src=\"http:\/\/thurzozoltan.com\/wp-content\/uploads\/2016\/06\/Bart\u00f3k-B\u00e9la-2.bmp\" alt=\"Bart\u00f3k B\u00e9la 2\" width=\"174\" height=\"279\" \/><\/a>The eternal composer of the 20<sup>th<\/sup> century, B\u00e9la Bart\u00f3k is bound to Oradea, especially to Bihor county, the inspirational place for his collection of Romanian folk songs.\u00a0We were proud, not only because we were bonded with the genius composer, but because he owed much to Oradea and Bihor county\u2019s landscape.\u00a0The goal: recognizing the link between the great Hungarian composer and Oradea, or perhaps, the affection the city had for B\u00e9la Bart\u00f3k, since the two were equally important to us.<\/p>\n<p style=\"text-align: justify;\">We were proud, not only because we were bonded with the genius composer, but because he owed much to Oradea.\u00a0Why?\u00a0S\u00e1ndor Thurz\u00f3, the greatest expert in music and musicologist of Oradea, publisher of the book, answered that question.\u00a0During his life, S\u00e1ndor Thurz\u00f3 was engaged in multiple activities.\u00a0Now, thanks to his compilation, the reader has a refreshed perspective over those moments, with B\u00e9la Bart\u00f3k revived through the keen eye of the local media and inner thoughts.<\/p>\n<p style=\"text-align: justify;\">Hopefully, you will find this book useful as you read you will be part of exciting and interesting journeys.<\/p>\n<p>&nbsp;<\/p>\n<p><a href=\"http:\/\/thurzozoltan.com\/wp-content\/uploads\/2016\/06\/Bartok-Nagyvaradon-a-helyi-sajto-tukreben.pdf\" target=\"_blank\">Bart\u00f3k reflected in the local media of Oradea (downloadable full book) &#8211; in hungarian language<\/a><\/p>\n<h3>Chapters<\/h3>\n<p><a href=\"http:\/\/thurzozoltan.com\/wp-content\/uploads\/2016\/06\/Elso-borito.pdf\" target=\"_blank\">Front cover<\/a><br \/>\n <a href=\"http:\/\/thurzozoltan.com\/wp-content\/uploads\/2016\/06\/01-138.pdf\" target=\"_blank\">Bart\u00f3k in the headlines<\/a><br \/>\n <a href=\"http:\/\/thurzozoltan.com\/wp-content\/uploads\/2016\/06\/139-141.pdf\" target=\"_blank\">B\u00e9la Bart\u00f3k&#8217;s concerts in Oradea<\/a><br \/>\n <a href=\"http:\/\/thurzozoltan.com\/wp-content\/uploads\/2016\/06\/142-151.pdf\" target=\"_blank\">Bart\u00f3k &#8211; in pictures<\/a><br \/>\n <a href=\"http:\/\/thurzozoltan.com\/wp-content\/uploads\/2016\/06\/Hatso-borito.pdf\" target=\"_blank\">Back cover<\/a><\/p>\n<p>&nbsp;<\/p>\n[\/et_pb_text][\/et_pb_column][et_pb_column type=&#8221;1_3&#8243;][et_pb_image admin_label=&#8221;Image&#8221; src=&#8221;http:\/\/thurzozoltan.com\/wp-content\/uploads\/2016\/04\/konyvek-borito-2.jpg&#8221; show_in_lightbox=&#8221;off&#8221; url_new_window=&#8221;off&#8221; use_overlay=&#8221;off&#8221; animation=&#8221;left&#8221; sticky=&#8221;off&#8221; align=&#8221;left&#8221; force_fullwidth=&#8221;off&#8221; always_center_on_mobile=&#8221;on&#8221; use_border_color=&#8221;off&#8221; border_color=&#8221;#ffffff&#8221; border_style=&#8221;solid&#8221;]\n[\/et_pb_image][\/et_pb_column][\/et_pb_row][et_pb_row admin_label=&#8221;Row&#8221;][et_pb_column type=&#8221;4_4&#8243;][et_pb_text admin_label=&#8221;Text&#8221; background_layout=&#8221;light&#8221; text_orientation=&#8221;left&#8221; use_border_color=&#8221;off&#8221; border_color=&#8221;#ffffff&#8221; border_style=&#8221;solid&#8221;]\n<p>&nbsp;<\/p>\n<p style=\"text-align: right;\"><a href=\"http:\/\/thurzozoltan.com\/en\/books\/\">Back to the books<\/a><\/p>\n<p>&nbsp;<\/p>\n[\/et_pb_text][\/et_pb_column][\/et_pb_row][\/et_pb_section]\n","protected":false},"excerpt":{"rendered":"<p>[et_pb_section admin_label=&#8221;Section&#8221; fullwidth=&#8221;on&#8221; specialty=&#8221;off&#8221; transparent_background=&#8221;on&#8221; background_color=&#8221;#ffffff&#8221; allow_player_pause=&#8221;off&#8221; inner_shadow=&#8221;off&#8221; parallax=&#8221;off&#8221; parallax_method=&#8221;off&#8221; padding_mobile=&#8221;off&#8221; make_fullwidth=&#8221;off&#8221; use_custom_width=&#8221;off&#8221; width_unit=&#8221;on&#8221; make_equal=&#8221;off&#8221; use_custom_gutter=&#8221;off&#8221;][et_pb_fullwidth_post_title admin_label=&#8221;Fullwidth Post Title&#8221; title=&#8221;on&#8221; meta=&#8221;off&#8221; author=&#8221;on&#8221; date=&#8221;on&#8221; categories=&#8221;on&#8221; comments=&#8221;on&#8221; featured_image=&#8221;off&#8221; featured_placement=&#8221;below&#8221; parallax_effect=&#8221;on&#8221; parallax_method=&#8221;on&#8221; text_orientation=&#8221;center&#8221; text_color=&#8221;dark&#8221; text_background=&#8221;off&#8221; text_bg_color=&#8221;rgba(255,255,255,0.9)&#8221; module_bg_color=&#8221;rgba(255,255,255,0)&#8221; title_font_size=&#8221;36&#8243; title_font_size_tablet=&#8221;29&#8243; title_font_size_phone=&#8221;20&#8243; title_font_size_last_edited=&#8221;on|phone&#8221; title_text_color=&#8221;#fee29b&#8221; title_all_caps=&#8221;off&#8221; use_border_color=&#8221;off&#8221; border_color=&#8221;#ffffff&#8221; border_style=&#8221;solid&#8221;] [\/et_pb_fullwidth_post_title][\/et_pb_section][et_pb_section admin_label=&#8221;section&#8221; transparent_background=&#8221;on&#8221; background_color=&#8221;#ffffff&#8221; allow_player_pause=&#8221;off&#8221; inner_shadow=&#8221;off&#8221; parallax=&#8221;off&#8221; parallax_method=&#8221;off&#8221; padding_mobile=&#8221;off&#8221; make_fullwidth=&#8221;off&#8221; use_custom_width=&#8221;off&#8221; width_unit=&#8221;on&#8221; [&hellip;]<\/p>\n","protected":false},"author":1,"featured_media":0,"parent":2657,"menu_order":0,"comment_status":"closed","ping_status":"closed","template":"","meta":{"footnotes":""},"class_list":["post-2660","page","type-page","status-publish","hentry"],"_links":{"self":[{"href":"http:\/\/thurzozoltan.com\/en\/wp-json\/wp\/v2\/pages\/2660","targetHints":{"allow":["GET"]}}],"collection":[{"href":"http:\/\/thurzozoltan.com\/en\/wp-json\/wp\/v2\/pages"}],"about":[{"href":"http:\/\/thurzozoltan.com\/en\/wp-json\/wp\/v2\/types\/page"}],"author":[{"embeddable":true,"href":"http:\/\/thurzozoltan.com\/en\/wp-json\/wp\/v2\/users\/1"}],"replies":[{"embeddable":true,"href":"http:\/\/thurzozoltan.com\/en\/wp-json\/wp\/v2\/comments?post=2660"}],"version-history":[{"count":8,"href":"http:\/\/thurzozoltan.com\/en\/wp-json\/wp\/v2\/pages\/2660\/revisions"}],"predecessor-version":[{"id":9510,"href":"http:\/\/thurzozoltan.com\/en\/wp-json\/wp\/v2\/pages\/2660\/revisions\/9510"}],"up":[{"embeddable":true,"href":"http:\/\/thurzozoltan.com\/en\/wp-json\/wp\/v2\/pages\/2657"}],"wp:attachment":[{"href":"http:\/\/thurzozoltan.com\/en\/wp-json\/wp\/v2\/media?parent=2660"}],"curies":[{"name":"wp","href":"https:\/\/api.w.org\/{rel}","templated":true}]}}