{"id":11962,"date":"2018-09-19T23:13:10","date_gmt":"2018-09-19T23:13:10","guid":{"rendered":"http:\/\/thurzozoltan.com\/ro\/koncertek-2017\/"},"modified":"2018-09-19T23:14:32","modified_gmt":"2018-09-19T23:14:32","slug":"koncertek-2017","status":"publish","type":"page","link":"http:\/\/thurzozoltan.com\/ro\/koncertek-2017\/","title":{"rendered":"Koncertek 2017-ben"},"content":{"rendered":"<table class=\"koncert-table\" cellspacing=\"0\" cellpadding=\"0\">\n<thead>\n<tr>\n<th class=\"koncert-datum\">D\u00e1tum<\/th>\n<th class=\"koncert-varos\">V\u00e1ros\/orsz\u00e1g<\/th>\n<th class=\"koncert-leiras\">Helysz\u00edn &#8211; Le\u00edr\u00e1s<\/th>\n<th class=\"koncert-info\"><\/th>\n<\/tr>\n<\/thead>\n<tbody>\n<tr>\r\n\t<td class=\"koncert-datum\">2017.12.30<\/td>\r\n    <td>Pilisszentl\u00e1szl\u00f3 \/ Magyarorsz\u00e1g<\/td>\r\n    <td>Pilisszentl\u00e1szl\u00f3 - Thurz\u00f3 Zolt\u00e1n h\u00e1zi hangversenye - KOOpera t\u00e9li zongorakoncert a kandall\u00f3 meleg\u00e9n\u00e9l<\/td>\r\n\t<td style=\"text-align:right;\"><a href=\"http:\/\/thurzozoltan.com\/ro\/koncert\/thurzo-zoltan-koopera-teli-zongorakoncert-kandallo-melegenel\/\">Mai multe<\/a><\/td>  \r\n   <\/tr><tr>\r\n\t<td class=\"koncert-datum\">2017.12.22<\/td>\r\n    <td>Nagyv\u00e1rad \/ Rom\u00e1nia<\/td>\r\n    <td>Lor\u00e1ntffy Zsuzsanna Reform\u00e1tus Egyh\u00e1zi K\u00f6zpont M\u00fazeumterme - Kar\u00e1csonyi Hangverseny<\/td>\r\n\t<td style=\"text-align:right;\"><a href=\"http:\/\/thurzozoltan.com\/ro\/koncert\/lorantffy-zsuzsanna-reformatus-egyhazi-koezpont-muzeumterme-9\/\">Mai multe<\/a><\/td>  \r\n   <\/tr><tr>\r\n\t<td class=\"koncert-datum\">2017.12.16<\/td>\r\n    <td>Budapest \/ Magyarorsz\u00e1g<\/td>\r\n    <td>FSzEK Zenei Gy\u0171jtem\u00e9ny (F\u0151v\u00e1rosi Szab\u00f3 Ervin K\u00f6nyvt\u00e1r) - Csal\u00e1di d\u00e9lel\u0151tt Chopin muzsik\u00e1val is - rendhagy\u00f3 kar\u00e1csonyv\u00e1r\u00f3 interakt\u00edv zongorahangverseny<\/td>\r\n\t<td style=\"text-align:right;\"><a href=\"http:\/\/thurzozoltan.com\/ro\/koncert\/frederic-chopin-est-ket-szal-gyertya-fenyenel-interaktiv-zongorahangverseny\/\">Mai multe<\/a><\/td>  \r\n   <\/tr><tr>\r\n\t<td class=\"koncert-datum\">2017.12.08<\/td>\r\n    <td>Bukarest \/ Rom\u00e1nia<\/td>\r\n    <td>Palatul Cotroceni - Cotroceni Palota (Rom\u00e1n k\u00f6zt\u00e1rsas\u00e1gi eln\u00f6k rezidenci\u00e1ja) - \u00dcnnepi G\u00e1la: 20 ani EUROLINK - Casa Europei<\/td>\r\n\t<td style=\"text-align:right;\"><a href=\"http:\/\/thurzozoltan.com\/ro\/koncert\/dupa-20-de-ani-eurolink-casa-europei-moment-aniversar\/\">Mai multe<\/a><\/td>  \r\n   <\/tr><tr>\r\n\t<td class=\"koncert-datum\">2017.11.26<\/td>\r\n    <td>Nagyv\u00e1rad \/ Rom\u00e1nia<\/td>\r\n    <td>Lor\u00e1ntffy Zsuzsanna Reform\u00e1tus Egyh\u00e1zi K\u00f6zpont M\u00fazeumterme - Liszt Ferenc: Harmonies po\u00e9tiques et religieuses (K\u00f6lt\u0151i \u00e9s vall\u00e1sos harm\u00f3ni\u00e1k) S.173.<\/td>\r\n\t<td style=\"text-align:right;\"><a href=\"http:\/\/thurzozoltan.com\/ro\/koncert\/lorantffy-zsuzsanna-reformatus-egyhazi-koezpont-muzeumterme-8\/\">Mai multe<\/a><\/td>  \r\n   <\/tr><tr>\r\n\t<td class=\"koncert-datum\">2017.10.29<\/td>\r\n    <td>Nagyv\u00e1rad \/ Rom\u00e1nia<\/td>\r\n    <td>Lor\u00e1ntffy Zsuzsanna Reform\u00e1tus Egyh\u00e1zi K\u00f6zpont M\u00fazeumterme - Reform\u00e1ci\u00f3 500.  -  Zen\u00e9s\/vizu\u00e1lis utaz\u00e1s Nagyv\u00e1rad reform\u00e1tus kincsei k\u00f6zt<\/td>\r\n\t<td style=\"text-align:right;\"><a href=\"http:\/\/thurzozoltan.com\/ro\/koncert\/lorantffy-zsuzsanna-reformatus-egyhazi-koezpont-muzeumterme-7\/\">Mai multe<\/a><\/td>  \r\n   <\/tr><tr>\r\n\t<td class=\"koncert-datum\">2017.10.20<\/td>\r\n    <td>Budapest \/ Magyarorsz\u00e1g<\/td>\r\n    <td>FSzEK Zenei Gy\u0171jtem\u00e9ny (F\u0151v\u00e1rosi Szab\u00f3 Ervin K\u00f6nyvt\u00e1r) - Liszt Ferenc: Harmonies po\u00e9tiques et religieuses (K\u00f6lt\u0151i \u00e9s vall\u00e1sos harm\u00f3ni\u00e1k) S.173.<\/td>\r\n\t<td style=\"text-align:right;\"><a href=\"http:\/\/thurzozoltan.com\/ro\/koncert\/liszt-ferenc-harmonies-poetiques-et-religieuses-koeltoi-es-vallasos-harmoniak-s-173\/\">Mai multe<\/a><\/td>  \r\n   <\/tr><tr>\r\n\t<td class=\"koncert-datum\">2017.10.13<\/td>\r\n    <td>Nagyv\u00e1rad \/ Rom\u00e1nia<\/td>\r\n    <td>Nagyv\u00e1radi \u00c1llami Filharm\u00f3nia \"Enescu-Bart\u00f3k\" Hangversenyterem - 10 \u00e9ves Jubileumi G\u00e1la - Vil\u00e1gpremier Nagyv\u00e1radon!<\/td>\r\n\t<td style=\"text-align:right;\"><a href=\"http:\/\/thurzozoltan.com\/ro\/koncert\/vilagpremier-nagyvaradon\/\">Mai multe<\/a><\/td>  \r\n   <\/tr><tr>\r\n\t<td class=\"koncert-datum\">2017.10.08<\/td>\r\n    <td>Nagyv\u00e1rad \/ Rom\u00e1nia<\/td>\r\n    <td>Nagyv\u00e1radi V\u00e1r \"E\" Palota-\u00e9p\u00fclete - \"Magical Piano Colors\" zongorahangverseny<\/td>\r\n\t<td style=\"text-align:right;\"><a href=\"http:\/\/thurzozoltan.com\/ro\/koncert\/11271\/\">Mai multe<\/a><\/td>  \r\n   <\/tr><tr>\r\n\t<td class=\"koncert-datum\">2017.10.07<\/td>\r\n    <td>Nagyv\u00e1rad \/ Rom\u00e1nia<\/td>\r\n    <td>\"Autumn Voices - Best Of Music\" - Nagyv\u00e1radi V\u00e1r \"E\" Palota-\u00e9p\u00fclete<\/td>\r\n\t<td style=\"text-align:right;\"><a href=\"http:\/\/thurzozoltan.com\/ro\/koncert\/autumn-voices-best-music\/\">Mai multe<\/a><\/td>  \r\n   <\/tr><tr>\r\n\t<td class=\"koncert-datum\">2017.09.24<\/td>\r\n    <td>Nagyv\u00e1rad \/ Rom\u00e1nia<\/td>\r\n    <td>Lor\u00e1ntffy Zsuzsanna Reform\u00e1tus Egyh\u00e1zi K\u00f6zpont M\u00fazeumterme - In Memoriam Thurz\u00f3 S\u00e1ndor klasszikus zenei hangverseny: v\u00e1laszd TE ki 80 darabb\u00f3l, hogy mit szeretn\u00e9l hallani 55 percben!<\/td>\r\n\t<td style=\"text-align:right;\"><a href=\"http:\/\/thurzozoltan.com\/ro\/koncert\/lorantffy-zsuzsanna-reformatus-egyhazi-koezpont-muzeumterme-6\/\">Mai multe<\/a><\/td>  \r\n   <\/tr><tr>\r\n\t<td class=\"koncert-datum\">2017.09.10<\/td>\r\n    <td>Nagyv\u00e1rad \/ Rom\u00e1nia<\/td>\r\n    <td>Evang\u00e9likus templom - \u201cHang-sz\u00ednek, zenei \u00e9rzelmek\u201d \u00f6n\u00e1ll\u00f3 zongoraest - \"Classical music in fusion\"<\/td>\r\n\t<td style=\"text-align:right;\"><a href=\"http:\/\/thurzozoltan.com\/ro\/koncert\/10739\/\">Mai multe<\/a><\/td>  \r\n   <\/tr><tr>\r\n\t<td class=\"koncert-datum\">2017.08.27<\/td>\r\n    <td>Nagyv\u00e1rad \/ Rom\u00e1nia<\/td>\r\n    <td>Lor\u00e1ntffy Zsuzsanna Reform\u00e1tus Egyh\u00e1zi K\u00f6zpont M\u00fazeumterme - \u201cSzereti \u00d6n Mozartot...\u00e9s ami m\u00f6g\u00f6tte van?\u201d  - interakt\u00edv zongorahangverseny<\/td>\r\n\t<td style=\"text-align:right;\"><a href=\"http:\/\/thurzozoltan.com\/ro\/koncert\/lorantffy-zsuzsanna-reformatus-egyhazi-koezpont-muzeumterme-5\/\">Mai multe<\/a><\/td>  \r\n   <\/tr><tr>\r\n\t<td class=\"koncert-datum\">2017.08.20<\/td>\r\n    <td>Nagyv\u00e1rad \/ Rom\u00e1nia<\/td>\r\n    <td>\u00dajv\u00e1rosi Reform\u00e1tus templom bels\u0151 udvara - \u00d6n\u00e1ll\u00f3 zongoraest az \u00c1llamalap\u00edt\u00e1s \u00dcnnep\u00e9n - \"Classical music in fusion\"<\/td>\r\n\t<td style=\"text-align:right;\"><a href=\"http:\/\/thurzozoltan.com\/ro\/koncert\/10746\/\">Mai multe<\/a><\/td>  \r\n   <\/tr><tr>\r\n\t<td class=\"koncert-datum\">2017.07.30<\/td>\r\n    <td>Nagyv\u00e1rad \/ Rom\u00e1nia<\/td>\r\n    <td>Lor\u00e1ntffy Zsuzsanna Reform\u00e1tus Egyh\u00e1zi K\u00f6zpont M\u00fazeumterme - \u201cSzereti \u00d6n Liszt Ferencet...\u00e9s ami m\u00f6g\u00f6tte van?\u201d - interakt\u00edv zongorahangverseny<\/td>\r\n\t<td style=\"text-align:right;\"><a href=\"http:\/\/thurzozoltan.com\/ro\/koncert\/lorantffy-zsuzsanna-reformatus-egyhazi-koezpont-muzeumterme-4\/\">Mai multe<\/a><\/td>  \r\n   <\/tr><span class=\"pods-pagination-advanced \">\n    \n    <span class=\"pods-pagination-number pods-pagination-current \">1<\/span>\n\n            <a href=\"\/ro\/wp-json\/wp\/v2\/pages\/11962?pg=2\" class=\"pods-pagination-number pods-pagination-last \">2<\/a>\n                    <a href=\"\/ro\/wp-json\/wp\/v2\/pages\/11962?pg=2\" class=\"pods-pagination-number pods-pagination-next \">Urm\u0103toarea &rsaquo;<\/a>\n                                <a href=\"\/ro\/wp-json\/wp\/v2\/pages\/11962?pg=2\" class=\"pods-pagination-number pods-pagination-last \">Ultima &raquo;<\/a>\n                    \n<\/span>\n\n<\/tbody>\n<\/table>\n","protected":false},"excerpt":{"rendered":"<p>D\u00e1tum V\u00e1ros\/orsz\u00e1g Helysz\u00edn &#8211; Le\u00edr\u00e1s<\/p>\n","protected":false},"author":2,"featured_media":0,"parent":0,"menu_order":0,"comment_status":"closed","ping_status":"closed","template":"","meta":{"footnotes":""},"class_list":["post-11962","page","type-page","status-publish","hentry"],"_links":{"self":[{"href":"http:\/\/thurzozoltan.com\/ro\/wp-json\/wp\/v2\/pages\/11962","targetHints":{"allow":["GET"]}}],"collection":[{"href":"http:\/\/thurzozoltan.com\/ro\/wp-json\/wp\/v2\/pages"}],"about":[{"href":"http:\/\/thurzozoltan.com\/ro\/wp-json\/wp\/v2\/types\/page"}],"author":[{"embeddable":true,"href":"http:\/\/thurzozoltan.com\/ro\/wp-json\/wp\/v2\/users\/2"}],"replies":[{"embeddable":true,"href":"http:\/\/thurzozoltan.com\/ro\/wp-json\/wp\/v2\/comments?post=11962"}],"version-history":[{"count":1,"href":"http:\/\/thurzozoltan.com\/ro\/wp-json\/wp\/v2\/pages\/11962\/revisions"}],"predecessor-version":[{"id":11967,"href":"http:\/\/thurzozoltan.com\/ro\/wp-json\/wp\/v2\/pages\/11962\/revisions\/11967"}],"wp:attachment":[{"href":"http:\/\/thurzozoltan.com\/ro\/wp-json\/wp\/v2\/media?parent=11962"}],"curies":[{"name":"wp","href":"https:\/\/api.w.org\/{rel}","templated":true}]}}