{"id":7092,"date":"2016-04-19T13:41:02","date_gmt":"2016-04-19T13:41:02","guid":{"rendered":"http:\/\/thurzozoltan.com\/de\/irasok\/"},"modified":"2016-10-25T09:09:16","modified_gmt":"2016-10-25T09:09:16","slug":"irasok","status":"publish","type":"page","link":"https:\/\/thurzozoltan.com\/de\/tagebuch\/irasok\/","title":{"rendered":"Meine ver\u00f6ffentlichte Schriften"},"content":{"rendered":"[et_pb_section admin_label=&#8221;Section&#8221; fullwidth=&#8221;on&#8221; specialty=&#8221;off&#8221; transparent_background=&#8221;on&#8221; background_color=&#8221;#ffffff&#8221; allow_player_pause=&#8221;off&#8221; inner_shadow=&#8221;off&#8221; parallax=&#8221;off&#8221; parallax_method=&#8221;off&#8221; padding_mobile=&#8221;off&#8221; make_fullwidth=&#8221;off&#8221; use_custom_width=&#8221;off&#8221; width_unit=&#8221;on&#8221; make_equal=&#8221;off&#8221; use_custom_gutter=&#8221;off&#8221;][et_pb_fullwidth_post_title admin_label=&#8221;Fullwidth Post Title&#8221; title=&#8221;on&#8221; meta=&#8221;off&#8221; author=&#8221;on&#8221; date=&#8221;on&#8221; categories=&#8221;on&#8221; comments=&#8221;on&#8221; featured_image=&#8221;off&#8221; featured_placement=&#8221;below&#8221; parallax_effect=&#8221;on&#8221; parallax_method=&#8221;on&#8221; text_orientation=&#8221;center&#8221; text_color=&#8221;dark&#8221; text_background=&#8221;off&#8221; text_bg_color=&#8221;rgba(255,255,255,0.9)&#8221; module_bg_color=&#8221;rgba(255,255,255,0)&#8221; title_font_size=&#8221;36&#8243; title_font_size_tablet=&#8221;29&#8243; title_font_size_phone=&#8221;20&#8243; title_font_size_last_edited=&#8221;on|phone&#8221; title_text_color=&#8221;#fee29b&#8221; title_all_caps=&#8221;off&#8221; use_border_color=&#8221;off&#8221; border_color=&#8221;#ffffff&#8221; border_style=&#8221;solid&#8221;] [\/et_pb_fullwidth_post_title][\/et_pb_section][et_pb_section admin_label=&#8221;section&#8221; transparent_background=&#8221;on&#8221; background_color=&#8221;#ffffff&#8221; allow_player_pause=&#8221;off&#8221; inner_shadow=&#8221;off&#8221; parallax=&#8221;off&#8221; parallax_method=&#8221;off&#8221; padding_mobile=&#8221;off&#8221; make_fullwidth=&#8221;off&#8221; use_custom_width=&#8221;off&#8221; width_unit=&#8221;on&#8221; make_equal=&#8221;off&#8221; use_custom_gutter=&#8221;off&#8221;][et_pb_row admin_label=&#8221;row&#8221; make_fullwidth=&#8221;off&#8221; use_custom_width=&#8221;off&#8221; width_unit=&#8221;on&#8221; use_custom_gutter=&#8221;off&#8221; padding_mobile=&#8221;off&#8221; background_color=&#8221;rgba(0,0,0,0)&#8221; allow_player_pause=&#8221;off&#8221; parallax=&#8221;off&#8221; parallax_method=&#8221;off&#8221; make_equal=&#8221;off&#8221; parallax_1=&#8221;off&#8221; parallax_method_1=&#8221;off&#8221; column_padding_mobile=&#8221;on&#8221;][et_pb_column type=&#8221;4_4&#8243;][et_pb_text admin_label=&#8221;Text&#8221; background_layout=&#8221;light&#8221; text_orientation=&#8221;left&#8221; use_border_color=&#8221;off&#8221; border_color=&#8221;#ffffff&#8221; border_style=&#8221;solid&#8221;]\n<p style=\"text-align: justify;\">In unseren Gedanken verbindet sich die Tiefe der Seele mit der Verfremdung. In jeder Seele gibt es eine F\u00fclle von Gedanken, die man mit den anderen teilen m\u00f6chte, was die Enth\u00fcllung der inneren Welt in der pers\u00f6nlichsten, intimsten Art bedeutet.<\/p>\n<p style=\"text-align: justify;\"><img loading=\"lazy\" decoding=\"async\" class=\"alignright wp-image-6210\" src=\"http:\/\/thurzozoltan.com\/wp-content\/uploads\/2016\/04\/Thurz\u00f3-Zolt\u00e1n.jpg\" alt=\"Thurz\u00f3 Zolt\u00e1n, Megjelent \u00edr\u00e1saim\" width=\"243\" height=\"432\" srcset=\"https:\/\/thurzozoltan.com\/wp-content\/uploads\/2016\/04\/Thurz\u00f3-Zolt\u00e1n.jpg 540w, https:\/\/thurzozoltan.com\/wp-content\/uploads\/2016\/04\/Thurz\u00f3-Zolt\u00e1n-169x300.jpg 169w\" sizes=\"auto, (max-width: 243px) 100vw, 243px\" \/>Die graue Alltage k\u00f6nnen bunter bekommen, es sei denn, wenn wir unsere Wissen und die Erfahrungen der Ereignissen teilen wollen.\u00a0Ich m\u00f6chte Ihnen zeigen, wie ich die Welt und die Menschen sehe.\u00a0Der Besucher der Webseite kann \u00fcber die Werte der vergangener Epik, die historische Anziehungen und \u00fcber die Reflexionen der zeitgen\u00f6ssischen Bild lesen.\u00a0Er kann sowohl Nachrichten \u00fcber die Vergangenheit, die seine Aufmerksamkeit anziehen, als auch \u00fcber die zeitgen\u00f6ssischen Ereignisse finden.<\/p>\n<p style=\"text-align: justify;\">F\u00fcr die Wiedergabe der authentischen k\u00fcnstlerischen Bereichen und f\u00fcr die Kunst der Musik sind die Bescheidenheit und die multilaterale Ausrichtung ben\u00f6tigt.\u00a0Ich f\u00fchle, da\u00df es notwendig ist, Einsatz und Verpflichtung zu haben, um die Ereignisse die ich f\u00fcr wichtig und interessant betrachte, durch unterschiedlichen M\u00f6glichkeiten zu \u00fcbermitteln.\u00a0Mein Wunsch nach Wissen von meine Lehrern und Vorfahren ger\u00fchrt, fordert mich auf eine kontinuierliche Forschung. Es ist eine Ehre f\u00fcr mich, da ich ihre Ergebnisse gelegentlich mit den Medien teilen kann.<\/p>\n<p style=\"text-align: justify;\">Jeder musikalischen Moment ist eine &#8220;Nachricht ewig in einer Kapsel verschlossen&#8221;.\u00a0Um die Nachricht zu verstehen, die Verbindung zwischen Komponist und Publikum sehr wichtig ist. Es ist ganz in der Verantwortung des K\u00fcnstlers, also auch meiner, da\u00df w\u00e4hrend der Auff\u00fchrung nicht nur mit dem Klavier sondern auch mit p\u00fcnktlichen Informationen die Interpretation zu machen.\u00a0Der Zweck der Publikationen ist auch die Korrektur und Kl\u00e4rung der m\u00f6glichen Fehler in der Geschichte der Musik.\u00a0Als Klavierspieler und K\u00fcnstler, das Perfektionismus und die Pflege von Musik und Kultur sind sehr wichtig f\u00fcr mich.<\/p>\n<p style=\"text-align: justify;\">Meine besondere Aufgabe, als lokaler, ist die\u00a0 musikalische Geschichte von Oradea zu entdecken und die Traditionen der Familie zu halten.\u00a0Ich k\u00fcmmere mich besonders um die Erbe von meinem verehrten Gro\u00dfvater, Thurz\u00f3 S\u00e1ndor\u00a0 und ich versuche, meine Schriften an den n\u00e4chsten Generationen zu lehren.\u00a0Ich denke, da\u00df sowohl die ungarische Kultur und historische Momente das Leben der Menschen heute pr\u00e4gen k\u00f6nnen.\u00a0\u00a0\u00a0\u00a0\u00a0\u00a0\u00a0\u00a0<\/p>\n<p style=\"text-align: justify;\">Mein Hauptziel ist es, alles zu sagen, was vor allem die Bewohner der Stadt aber auch die, die f\u00fcr Kultur hier und dar\u00fcber hinaus offen sind, bereichern kann.\u00a0Die digitale Ver\u00f6ffentlichung ersetzt nicht die pers\u00f6nliche Gespr\u00e4che, aber unserer Tage, in der Welt der Computer, man kann Pforten finden, wodurch man verbreiten und Werte darstellen kann.<\/p>\n<p style=\"text-align: justify;\">Ich m\u00f6chte, da\u00df meine Schriften auf andere Gedanken Aufstieg geben, die somit eine Br\u00fccke zwischen den Menschen und die Ereignisse der Vergangenheit und zwischen den Menschen und die Ereignisse der Gegenwart bilden k\u00f6nnten.<\/p>\n<p style=\"text-align: justify;\">\u00a0<\/p>\n[\/et_pb_text][et_pb_text admin_label=&#8221;Text&#8221; background_layout=&#8221;light&#8221; text_orientation=&#8221;left&#8221; use_border_color=&#8221;off&#8221; border_color=&#8221;#ffffff&#8221; border_style=&#8221;solid&#8221;]\n<h3>\u00dcber \u201cMichael Haydn-Wenzel Pichl- Karl Ditters von Dittersdorf\u201d Musikfest<\/h3>\n<table border=\"1\" width=\"100%\">\n<tbody>\n<tr style=\"height: 23.8px;\">\n<th style=\"height: 23.8px;\" scope=\"col\">Titel<\/th>\n<th style=\"height: 23.8px;\" scope=\"col\">Ver\u00f6ffentlichungsdatum<\/th>\n<th style=\"height: 23.8px;\" scope=\"col\">Presse<\/th>\n<th style=\"height: 23.8px;\" scope=\"col\"><span id=\"result_box\" lang=\"de\">Sprache<\/span><\/th>\n<\/tr>\n<tr style=\"height: 47px;\">\n<td style=\"height: 47px;\"><a href=\"http:\/\/thurzozoltan.com\/de\/orizni-kell-a-kulturalis-szellemi-orokseget\/\">&#8220;Die Kulturerbe sollte gepflegt und bewahrt sein&#8221;<\/a><\/td>\n<td style=\"height: 47px;\">2010.10.8.<\/td>\n<td style=\"height: 47px;\">Bihari Napl\u00f3<\/td>\n<td style=\"height: 47px;\"><span id=\"result_box3\" lang=\"de\">ungarische<\/span><\/td>\n<\/tr>\n<tr style=\"height: 47px;\">\n<td style=\"height: 47px;\"><a href=\"http:\/\/thurzozoltan.com\/de\/nemzetkozi-rangra-emelni-nagyvarad-zenei-eletet\/\">\u201cDie Anhebung des Musiklebens von Oradea auf internationale Ebene\u201d<\/a><\/td>\n<td style=\"height: 47px;\">2010.10.12.<\/td>\n<td style=\"height: 47px;\">Bihari Napl\u00f3<\/td>\n<td style=\"height: 47px;\">ungarische<\/td>\n<\/tr>\n<tr style=\"height: 47px;\">\n<td style=\"height: 47px;\"><a href=\"http:\/\/thurzozoltan.com\/de\/michael-haydn-patachich-adam-puspok-komponistaja\/\">\u201cMichael Haydn \u2013 Komponist des Bischofs Patachich \u00c1d\u00e1m\u201d<\/a><\/td>\n<td style=\"height: 47px;\">2010.10.13.<\/td>\n<td style=\"height: 47px;\">Bihari Napl\u00f3<\/td>\n<td style=\"height: 47px;\">ungarische<\/td>\n<\/tr>\n<tr style=\"height: 47px;\">\n<td style=\"height: 47px;\"><a href=\"http:\/\/thurzozoltan.com\/de\/dittersdorf-fontos-szerepe-a-varadi-klasszikus-zene-fejlodeseben\/\">\u201dDittersdorfs wichtige Rolle bei der Entwicklung der klassischen Musik in Oradea\u201d<\/a><\/td>\n<td style=\"height: 47px;\">2010.10.14.<\/td>\n<td style=\"height: 47px;\">Bihari Napl\u00f3<\/td>\n<td style=\"height: 47px;\">ungarische<\/td>\n<\/tr>\n<tr style=\"height: 47px;\">\n<td style=\"height: 47px;\"><a href=\"http:\/\/thurzozoltan.com\/de\/karl-ditters-von-dittersdorf-nagyvaradi-munkassagarol\/\">\u201d\u00dcber die Arbeit von Karl Ditters von Dittersdorf in Oradea\u201d<\/a><\/td>\n<td style=\"height: 47px;\">2010.10.15.<\/td>\n<td style=\"height: 47px;\">Bihari Napl\u00f3<\/td>\n<td style=\"height: 47px;\">ungarische<\/td>\n<\/tr>\n<tr style=\"height: 47px;\">\n<td style=\"height: 47px;\"><a href=\"http:\/\/thurzozoltan.com\/de\/wenzel-pichl-zeneszerzo-nagyvaradi-tartozkodasarol\/\">\u201c\u00dcber Wenzel Pichls Anwesenheit in Oradea\u201d<\/a><\/td>\n<td style=\"height: 47px;\">2010.10.16.<\/td>\n<td style=\"height: 47px;\">Bihari Napl\u00f3<\/td>\n<td style=\"height: 47px;\">ungarische<\/td>\n<\/tr>\n<\/tbody>\n<\/table>\n<p>&nbsp;<\/p>\n<table border=\"1\" width=\"100%\">\n<tbody>\n<tr>\n<th scope=\"col\">Titel<\/th>\n<th scope=\"col\">Ver\u00f6ffentlichungsdatum<\/th>\n<th scope=\"col\">Presse<\/th>\n<th scope=\"col\"><span id=\"result_box2\" lang=\"de\">Sprache<\/span><\/th>\n<\/tr>\n<tr>\n<td><a href=\"http:\/\/thurzozoltan.com\/de\/megint-szegenyebbek-lettunk-elhunyt-varga-vilmos-szinmuvesz\/\">&#8220;Noch einmal sind wir \u00e4rmer geworden, der Schauspieler Varga Vilmos ist gestorben&#8221;<\/a><\/td>\n<td>2016.07.12.<\/td>\n<td>Bihari Napl\u00f3<\/td>\n<td>ungarische<\/td>\n<\/tr>\n<\/tbody>\n<\/table>\n<p>&nbsp;<\/p>\n[\/et_pb_text][\/et_pb_column][\/et_pb_row][et_pb_row admin_label=&#8221;Row&#8221;][et_pb_column type=&#8221;4_4&#8243;][et_pb_divider admin_label=&#8221;Divider&#8221; color=&#8221;#ffffff&#8221; show_divider=&#8221;off&#8221; height=&#8221;100&#8243; divider_style=&#8221;solid&#8221; divider_position=&#8221;top&#8221; hide_on_mobile=&#8221;on&#8221;] [\/et_pb_divider][\/et_pb_column][\/et_pb_row][\/et_pb_section]\n","protected":false},"excerpt":{"rendered":"<p>[et_pb_section admin_label=&#8221;Section&#8221; fullwidth=&#8221;on&#8221; specialty=&#8221;off&#8221; transparent_background=&#8221;on&#8221; background_color=&#8221;#ffffff&#8221; allow_player_pause=&#8221;off&#8221; inner_shadow=&#8221;off&#8221; parallax=&#8221;off&#8221; parallax_method=&#8221;off&#8221; padding_mobile=&#8221;off&#8221; make_fullwidth=&#8221;off&#8221; use_custom_width=&#8221;off&#8221; width_unit=&#8221;on&#8221; make_equal=&#8221;off&#8221; use_custom_gutter=&#8221;off&#8221;][et_pb_fullwidth_post_title admin_label=&#8221;Fullwidth Post Title&#8221; title=&#8221;on&#8221; meta=&#8221;off&#8221; author=&#8221;on&#8221; date=&#8221;on&#8221; categories=&#8221;on&#8221; comments=&#8221;on&#8221; featured_image=&#8221;off&#8221; featured_placement=&#8221;below&#8221; parallax_effect=&#8221;on&#8221; parallax_method=&#8221;on&#8221; text_orientation=&#8221;center&#8221; text_color=&#8221;dark&#8221; text_background=&#8221;off&#8221; text_bg_color=&#8221;rgba(255,255,255,0.9)&#8221; module_bg_color=&#8221;rgba(255,255,255,0)&#8221; title_font_size=&#8221;36&#8243; title_font_size_tablet=&#8221;29&#8243; title_font_size_phone=&#8221;20&#8243; title_font_size_last_edited=&#8221;on|phone&#8221; title_text_color=&#8221;#fee29b&#8221; title_all_caps=&#8221;off&#8221; use_border_color=&#8221;off&#8221; border_color=&#8221;#ffffff&#8221; border_style=&#8221;solid&#8221;] [\/et_pb_fullwidth_post_title][\/et_pb_section][et_pb_section admin_label=&#8221;section&#8221; transparent_background=&#8221;on&#8221; background_color=&#8221;#ffffff&#8221; allow_player_pause=&#8221;off&#8221; inner_shadow=&#8221;off&#8221; parallax=&#8221;off&#8221; parallax_method=&#8221;off&#8221; padding_mobile=&#8221;off&#8221; make_fullwidth=&#8221;off&#8221; use_custom_width=&#8221;off&#8221; width_unit=&#8221;on&#8221; [&hellip;]<\/p>\n","protected":false},"author":1,"featured_media":0,"parent":8640,"menu_order":0,"comment_status":"closed","ping_status":"closed","template":"","meta":{"footnotes":""},"class_list":["post-7092","page","type-page","status-publish","hentry"],"_links":{"self":[{"href":"https:\/\/thurzozoltan.com\/de\/wp-json\/wp\/v2\/pages\/7092","targetHints":{"allow":["GET"]}}],"collection":[{"href":"https:\/\/thurzozoltan.com\/de\/wp-json\/wp\/v2\/pages"}],"about":[{"href":"https:\/\/thurzozoltan.com\/de\/wp-json\/wp\/v2\/types\/page"}],"author":[{"embeddable":true,"href":"https:\/\/thurzozoltan.com\/de\/wp-json\/wp\/v2\/users\/1"}],"replies":[{"embeddable":true,"href":"https:\/\/thurzozoltan.com\/de\/wp-json\/wp\/v2\/comments?post=7092"}],"version-history":[{"count":4,"href":"https:\/\/thurzozoltan.com\/de\/wp-json\/wp\/v2\/pages\/7092\/revisions"}],"predecessor-version":[{"id":9418,"href":"https:\/\/thurzozoltan.com\/de\/wp-json\/wp\/v2\/pages\/7092\/revisions\/9418"}],"up":[{"embeddable":true,"href":"https:\/\/thurzozoltan.com\/de\/wp-json\/wp\/v2\/pages\/8640"}],"wp:attachment":[{"href":"https:\/\/thurzozoltan.com\/de\/wp-json\/wp\/v2\/media?parent=7092"}],"curies":[{"name":"wp","href":"https:\/\/api.w.org\/{rel}","templated":true}]}}