{"id":8662,"date":"2016-10-04T09:28:43","date_gmt":"2016-10-04T09:28:43","guid":{"rendered":"http:\/\/thurzozoltan.com\/de\/?page_id=8662"},"modified":"2019-04-01T13:05:12","modified_gmt":"2019-04-01T13:05:12","slug":"vorstellungsgespraeche-online-medien","status":"publish","type":"page","link":"https:\/\/thurzozoltan.com\/de\/tagebuch\/online-medien\/vorstellungsgespraeche-online-medien\/","title":{"rendered":"Vorstellungsgespr\u00e4che (Online-Medien)"},"content":{"rendered":"[et_pb_section admin_label=&#8221;Section&#8221; fullwidth=&#8221;on&#8221; specialty=&#8221;off&#8221; transparent_background=&#8221;on&#8221; background_color=&#8221;#ffffff&#8221; allow_player_pause=&#8221;off&#8221; inner_shadow=&#8221;off&#8221; parallax=&#8221;off&#8221; parallax_method=&#8221;off&#8221; padding_mobile=&#8221;off&#8221; make_fullwidth=&#8221;off&#8221; use_custom_width=&#8221;off&#8221; width_unit=&#8221;on&#8221; make_equal=&#8221;off&#8221; use_custom_gutter=&#8221;off&#8221; custom_padding=&#8221;||0px|&#8221;][et_pb_fullwidth_image admin_label=&#8221;Fullwidth Image&#8221; src=&#8221;http:\/\/thurzozoltan.com\/wp-content\/uploads\/2016\/05\/header-sajto.jpg&#8221; show_in_lightbox=&#8221;off&#8221; url_new_window=&#8221;off&#8221; use_overlay=&#8221;off&#8221; animation=&#8221;right&#8221; use_border_color=&#8221;off&#8221; border_color=&#8221;#ffffff&#8221; border_style=&#8221;solid&#8221;] <br \/>\n [\/et_pb_fullwidth_image][et_pb_fullwidth_post_title admin_label=&#8221;Fullwidth Post Title&#8221; title=&#8221;on&#8221; meta=&#8221;off&#8221; author=&#8221;on&#8221; date=&#8221;on&#8221; categories=&#8221;on&#8221; comments=&#8221;on&#8221; featured_image=&#8221;off&#8221; featured_placement=&#8221;below&#8221; parallax_effect=&#8221;on&#8221; parallax_method=&#8221;on&#8221; text_orientation=&#8221;center&#8221; text_color=&#8221;dark&#8221; text_background=&#8221;off&#8221; text_bg_color=&#8221;rgba(255,255,255,0.9)&#8221; module_bg_color=&#8221;rgba(255,255,255,0)&#8221; title_font_size=&#8221;36&#8243; title_font_size_tablet=&#8221;29&#8243; title_font_size_phone=&#8221;20&#8243; title_font_size_last_edited=&#8221;on|phone&#8221; title_text_color=&#8221;#fee29b&#8221; title_all_caps=&#8221;off&#8221; use_border_color=&#8221;off&#8221; border_color=&#8221;#ffffff&#8221; border_style=&#8221;solid&#8221;] <br \/>\n [\/et_pb_fullwidth_post_title][\/et_pb_section][et_pb_section admin_label=&#8221;section&#8221; transparent_background=&#8221;on&#8221; background_color=&#8221;#ffffff&#8221; allow_player_pause=&#8221;off&#8221; inner_shadow=&#8221;off&#8221; parallax=&#8221;off&#8221; parallax_method=&#8221;off&#8221; padding_mobile=&#8221;off&#8221; make_fullwidth=&#8221;off&#8221; use_custom_width=&#8221;off&#8221; width_unit=&#8221;on&#8221; make_equal=&#8221;off&#8221; use_custom_gutter=&#8221;off&#8221;][et_pb_row admin_label=&#8221;row&#8221;][et_pb_column type=&#8221;4_4&#8243;][et_pb_text admin_label=&#8221;Text&#8221; background_layout=&#8221;light&#8221; text_orientation=&#8221;left&#8221; use_border_color=&#8221;off&#8221; border_color=&#8221;#ffffff&#8221; border_style=&#8221;solid&#8221;]\n<p>In einem Interview eine Reihe von Fragen und Ideen entstehen. In der beigef\u00fcgten Anlage k\u00f6nnen Sie einige dieser Gespr\u00e4che lesen. Mit einem Klick auf den Titel k\u00f6nnen Sie die urspr\u00fcngliche Ver\u00f6ffentlichung sehen.<\/p>\n[\/et_pb_text][et_pb_text admin_label=&#8221;Text&#8221; background_layout=&#8221;light&#8221; text_orientation=&#8221;left&#8221; use_border_color=&#8221;off&#8221; border_color=&#8221;#ffffff&#8221; border_style=&#8221;solid&#8221;]\n<p>&nbsp;<\/p>\n<table border=\"1\" width=\"100%\">\n<tbody>\n<tr>\n<th scope=\"col\">Titel<\/th>\n<th scope=\"col\">Ver\u00f6ffentlichungsdatum<\/th>\n<th scope=\"col\">Presse<\/th>\n<\/tr>\n<tr>\n<td style=\"text-align: center;\" colspan=\"3\">\u00a0<\/td>\n<\/tr>\n<tr>\n<td><a href=\"https:\/\/programguru.hu\/liszt-koncertje-kapcsan-beszelgettem-thurzo-zoltannal-zenerol-es-a-ket-megjelent-cd-jerol\/?fbclid=IwAR2y3DtLPabyk--YIbGaCve70Ov0SneudaOepL2_xOM0mxFedU0HD9URiVE\" target=\"_blank\" class=\"broken_link\">Liszt koncertje kapcs\u00e1n besz\u00e9lgettem Thurz\u00f3 Zolt\u00e1nnal zen\u00e9r\u0151l \u00e9s a k\u00e9t megjelent CD-j\u00e9r\u0151l<\/a><\/td>\n<td>2019.03.30<\/td>\n<td>programguru.hu<\/td>\n<\/tr>\n<tr>\n<td><a href=\"http:\/\/www.erdon.ro\/bartok-bela-szenvedelyesen-szerette-hazajat\/4184783\" target=\"_blank\">Bart\u00f3k B\u00e9la szenved\u00e9lyesen szerette haz\u00e1j\u00e1t<\/a><\/td>\n<td>2019.03.27<\/td>\n<td>erdon.ro<\/td>\n<\/tr>\n<tr>\n<td><a href=\"https:\/\/www.biharinaplo.ro\/helyi\/2019\/03\/26\/bartok-bela-szenvedelyesen-szerette-hazajat.biharinaplo?fbclid=IwAR3tpyM4hUbysTrL7qh99XYPE5UmNcdr6y9nv5M5HQEacsS2qYT8Utl1T-0\" target=\"_blank\">Bart\u00f3k B\u00e9la szenved\u00e9lyesen szerette haz\u00e1j\u00e1t<\/a><\/td>\n<td>2019.03.27<\/td>\n<td>biharinaplo.ro<\/td>\n<\/tr>\n<tr>\n<td>I<a href=\"http:\/\/www.erdon.ro\/ismet-budapesten-koncertezett-thurzo-zoltan\/4169605?fbclid=IwAR1Pn2hhPnCUWq-jsyAuKpB5Uaq7CVt_ojd-W21ja_N2RGSWbzmuYA4_o78\" target=\"_blank\">sm\u00e9t Budapesten koncertezett Thurz\u00f3 Zolt\u00e1n<\/a><\/td>\n<td>2019.03.12<\/td>\n<td>erdon.ro<\/td>\n<\/tr>\n<tr>\n<td><a href=\"https:\/\/programguru.hu\/izgalmas-idoutazasra-hivja-a-klasszikus-zene-kedveloit-thurzo-zoltan-zongoramuvesz\/\" target=\"_blank\" class=\"broken_link\">Izgalmas id\u0151utaz\u00e1sra h\u00edvja a klasszikus zene kedvel\u0151it Thurz\u00f3 Zolt\u00e1n zongoram\u0171v\u00e9sz<\/a><\/td>\n<td>2019.03.02<\/td>\n<td>programguru.hu<\/td>\n<\/tr>\n<tr>\n<td><a href=\"http:\/\/www.erdon.ro\/zenetortenelmi-adatok-kerulnek-nyilvanossagra\/4159028?fbclid=IwAR3CfEMs77sq2poWNNz7y2ifNRxjQfK0xzypF8AmjAl3WvAaefKvhWSa1L4\" target=\"_blank\">Zenet\u00f6rt\u00e9nelmi adatok ker\u00fclnek nyilv\u00e1noss\u00e1gra \u2013 interj\u00fa\u00a0<\/a><\/td>\n<td>2019.03.01<\/td>\n<td>erdon.ro<\/td>\n<\/tr>\n<tr>\n<td><a href=\"https:\/\/egyvaradiblogjanagyvaradrol.blogspot.com\/2019\/02\/zenetorteneti-adatok-kerulnek.html?fbclid=IwAR2IIabzHYLhBmL6J41U7DQ5gD-rGc5WKt2itZzx9oqsy9WLpjEc1M3qGGs\" target=\"_blank\">Zenet\u0151rt\u00e9neti adatok ker\u00fclnek nyilv\u00e1noss\u00e1gra \u2013 Mit sz\u00f3lnak Thurz\u00f3 Zolt\u00e1n nagyv\u00e1radi zongoram\u0171v\u00e9sz terv\u00e9hez?<\/a><\/td>\n<td>2019.02.28<\/td>\n<td>egyvaradiblogjanagyvaradrol.blogspot.com<\/td>\n<\/tr>\n<tr>\n<td><a href=\"https:\/\/egyvaradiblogjanagyvaradrol.blogspot.com\/2019\/02\/akartok-e-igazan-valtoztatni-nagyvaradi.html?fbclid=IwAR1HmE1NDIfsjK86SPj5Cygp1n3afM7g5dPnnzavl7c0w2ZavykPDnZ4i7Y\" target=\"_blank\">Akartok-e igaz\u00e1n v\u00e1ltoztatni a nagyv\u00e1radi polg\u00e1rmesteri hivatal vezet\u0151inek (el\u0151re) borit\u00e9kolt tervein?<\/a><\/td>\n<td>2019.02.07<\/td>\n<td>egyvaradiblogjanagyvaradrol.blogspot.com<\/td>\n<\/tr>\n<tr>\n<td><a href=\"http:\/\/www.erdon.ro\/eredmenyes-evet-zart-thurzo-zoltan-zongoramuvesz\/4128393\" target=\"_blank\">Eredm\u00e9nyes \u00e9vet z\u00e1rt Thurz\u00f3 Zolt\u00e1n zongoram\u0171v\u00e9sz<\/a><\/td>\n<td>2019.02.01<\/td>\n<td>erdon.ro<\/td>\n<\/tr>\n<tr>\n<td><a href=\"https:\/\/www.vaol.hu\/kozelet\/helyi-kozelet\/emberi-arcot-ad-a-zenenek-2747017\/?fbclid=IwAR0e0KKZj8luBzTmCiM3gcDVs9-Du60DsfCwYkveQlCHNLXWKlKBh5pfZjA\" target=\"_blank\" class=\"broken_link\">Emberi arcot ad a zen\u00e9nek<\/a><\/td>\n<td>2019.01.07<\/td>\n<td>vaol.hu<\/td>\n<\/tr>\n<tr>\n<td><a href=\"http:\/\/www.erdon.ro\/gyertyafenyes-karacsonyi-zongorakoncert-volt\/4091462\" target=\"_blank\">Gyertyaf\u00e9nyes kar\u00e1csonyi zongorakoncert volt<\/a><\/td>\n<td>2018.12.28<\/td>\n<td>erdon.ro<\/td>\n<\/tr>\n<tr>\n<td><a href=\"https:\/\/www.vaol.hu\/kozelet\/helyi-kozelet\/vasvaron-gyertyafenyben-varazsolt-thurzo-zoltan-nagyvaradi-zongoramuvesz-2702254\/?fbclid=IwAR3jKTXXT9j8_0IX0a3SQSCIrNoxeqRnBHL893Xcphc_OhCKDtgGojtlvMM\" target=\"_blank\" class=\"broken_link\">Vasv\u00e1ron, gyertyaf\u00e9nyben var\u00e1zsolt Thurz\u00f3 Zolt\u00e1n nagyv\u00e1radi zongoram\u0171v\u00e9sz<\/a><\/td>\n<td>2018.12.10<\/td>\n<td>vaol.hu<\/td>\n<\/tr>\n<tr>\n<td><a href=\"http:\/\/oradeapress.ro\/2018\/11\/23\/oradea-pe-harta-muzicii-clasice-europene-de-centenar\/?fbclid=IwAR3Oz2k1ZqW-TQ0cevj_D5_Pfoic3-4Z2udNOY7SYOCJA4Qzt4TFllZqm1I\" target=\"_blank\">Oradea, pe harta muzicii clasice Europene, de Centenar<\/a><\/td>\n<td>2018.11.23<\/td>\n<td>oradeapress.ro<\/td>\n<\/tr>\n<tr>\n<td><a href=\"https:\/\/www.crisana.ro\/stiri\/cultura-5\/albumul-oradeanului-thurzo-zoltan-lansat-in-casa-franz-liszt-din-budapesta-166193.html?fbclid=IwAR1yMqTsm8wqwrzL6W2rljgXD3LAXv_St5YBbrmne-dU4Nm75o2XitJIkw4\" target=\"_blank\">Albumul or\u0103deanului Thurz\u00f3 Zolt\u00e1n \u2013 Lansat \u00een casa Franz Liszt din Budapesta<\/a><\/td>\n<td>2018.11.19<\/td>\n<td>crisana.ro<\/td>\n<\/tr>\n<tr>\n<td><a href=\"http:\/\/www.erdon.ro\/bemutattak-thurzo-zoltan-dupla-lemezet-budapesten\/4049365\" target=\"_blank\">Bemutatt\u00e1k Thurz\u00f3 Zolt\u00e1n dupla lemez\u00e9t Budapesten<\/a><\/td>\n<td>2018.11.14<\/td>\n<td>erdon.ro<\/td>\n<\/tr>\n<tr>\n<td><a href=\"https:\/\/nepszava.hu\/3014355_a-bohem-eletviteltol-a-lelki-megvaltasig-liszt-nyomaban-video\" target=\"_blank\">A boh\u00e9m \u00e9letvitelt\u0151l a lelki megv\u00e1lt\u00e1sig: Liszt nyom\u00e1ban<\/a><\/td>\n<td>2018.11.08<\/td>\n<td>nepszava.hu<\/td>\n<\/tr>\n<tr>\n<td><a href=\"http:\/\/www.maszol.ro\/index.php\/kultura\/103344-szamomra-a-muzsikalas-soha-nem-munka-thurzo-zoltan-nagyvaradi-zongoram-vesszel-beszelgettunk?fbclid=IwAR2StQUlayj44Nau3vkru6q6d26Qdl29PWSVu1WKPvz-i5Z7xJcR7gdsqo0\" target=\"_blank\">Sz\u00e1momra a muzsik\u00e1l\u00e1s soha nem munka<\/a><\/td>\n<td>2018.10.23<\/td>\n<td>maszol.ro<\/td>\n<\/tr>\n<tr>\n<td><a href=\"http:\/\/www.erdon.ro\/egy-zenesz-sokszinu-szemelyiseg-legyen\/4025609\" target=\"_blank\">Egy zen\u00e9sz soksz\u00edn\u0171 szem\u00e9lyis\u00e9g legyen<\/a><\/td>\n<td>2018.10.22<\/td>\n<td>erdon.ro<\/td>\n<\/tr>\n<tr>\n<td><a href=\"https:\/\/programguru.hu\/kitekintes-a-hataron-tulra-thurzo-zoltan-zongoramuvesszel\/?fbclid=IwAR379snFClrTGrkSFdZIBiew-r56aMPKgJi8Mc6VtGqqhiKkd7FwcS3pBoc\" target=\"_blank\" class=\"broken_link\">Kitekint\u00e9s a hat\u00e1ron t\u00falra Thurz\u00f3 Zolt\u00e1n zongoram\u0171v\u00e9sszel<\/a><\/td>\n<td>2018.10.04<\/td>\n<td>programguru.hu<\/td>\n<\/tr>\n<tr>\n<td><a href=\"http:\/\/www.bihon.ro\/thurzo-zoltan-a-lansat-primul-cd-de-muzica-clasica\/2112934\" target=\"_blank\">Thurz\u00f3 Zolt\u00e1n a lansat primul CD de muzic\u0103 clasic\u0103<\/a><\/td>\n<td>2018.09.20<\/td>\n<td>bihon.ro<\/td>\n<\/tr>\n<tr>\n<td><a href=\"http:\/\/www.erdon.ro\/megjelent-thurzo-zoltan-zongoramuvesz-elso-albuma\/3983526\" target=\"_blank\">Megjelent Thurz\u00f3 Zolt\u00e1n zongoram\u0171v\u00e9sz els\u0151 albuma<\/a><\/td>\n<td>2018.09.14<\/td>\n<td>erdon.ro<\/td>\n<\/tr>\n<tr>\n<td><a href=\"http:\/\/denagy.hu\/kiemelt\/thurzo-zoltan-hiszek-a-civil-osszefogas-eredmenyessegeben\/\" target=\"_blank\">Thurz\u00f3 Zolt\u00e1n: Hiszek a civil \u00f6sszefog\u00e1s eredm\u00e9nyess\u00e9g\u00e9ben<\/a><\/td>\n<td>2018.08.16<\/td>\n<td>denagy.hu<\/td>\n<\/tr>\n<tr>\n<td><a href=\"https:\/\/papageno.hu\/promocio\/2018\/02\/thurzo-zoltan-ket-vilag-kuszoben\/\" target=\"_blank\">Thurz\u00f3 Zolt\u00e1n \u2013 k\u00e9t vil\u00e1g k\u00fcsz\u00f6b\u00e9n<\/a><\/td>\n<td>2018.02.24<\/td>\n<td>papageno.hu<\/td>\n<\/tr>\n<tr>\n<td><a href=\"http:\/\/www.nagybanya.ro\/hir\/interju-thurzo-zoltan-zongoramuvesszel\" target=\"_blank\">Interj\u00fa Thurz\u00f3 Zolt\u00e1n zongoram\u0171v\u00e9sszel<\/a><\/td>\n<td>2018.01.18<\/td>\n<td>nagybanya.ro<\/td>\n<\/tr>\n<tr>\n<td><a href=\"http:\/\/zidezi.ro\/bihoreni-cu-care-ne-mandrim\/thurzo-zoltan-2.html\" target=\"_blank\">THURZ\u00d3 ZOLT\u00c1N &#8211; Bihoreni cu care ne m\u00e2ndrim\u00a0<\/a><\/td>\n<td>2016.06.08<\/td>\n<td>zi-de-zi.ro<\/td>\n<\/tr>\n<\/tbody>\n<\/table>\n<p>&nbsp;<\/p>\n<p>&nbsp;<\/p>\n[\/et_pb_text][\/et_pb_column][\/et_pb_row][\/et_pb_section]\n","protected":false},"excerpt":{"rendered":"<p>[et_pb_section admin_label=&#8221;Section&#8221; fullwidth=&#8221;on&#8221; specialty=&#8221;off&#8221; transparent_background=&#8221;on&#8221; background_color=&#8221;#ffffff&#8221; allow_player_pause=&#8221;off&#8221; inner_shadow=&#8221;off&#8221; parallax=&#8221;off&#8221; parallax_method=&#8221;off&#8221; padding_mobile=&#8221;off&#8221; make_fullwidth=&#8221;off&#8221; use_custom_width=&#8221;off&#8221; width_unit=&#8221;on&#8221; make_equal=&#8221;off&#8221; use_custom_gutter=&#8221;off&#8221; custom_padding=&#8221;||0px|&#8221;][et_pb_fullwidth_image admin_label=&#8221;Fullwidth Image&#8221; src=&#8221;http:\/\/thurzozoltan.com\/wp-content\/uploads\/2016\/05\/header-sajto.jpg&#8221; show_in_lightbox=&#8221;off&#8221; url_new_window=&#8221;off&#8221; use_overlay=&#8221;off&#8221; animation=&#8221;right&#8221; use_border_color=&#8221;off&#8221; border_color=&#8221;#ffffff&#8221; border_style=&#8221;solid&#8221;] [\/et_pb_fullwidth_image][et_pb_fullwidth_post_title admin_label=&#8221;Fullwidth Post Title&#8221; title=&#8221;on&#8221; meta=&#8221;off&#8221; author=&#8221;on&#8221; date=&#8221;on&#8221; categories=&#8221;on&#8221; comments=&#8221;on&#8221; featured_image=&#8221;off&#8221; featured_placement=&#8221;below&#8221; parallax_effect=&#8221;on&#8221; parallax_method=&#8221;on&#8221; text_orientation=&#8221;center&#8221; text_color=&#8221;dark&#8221; text_background=&#8221;off&#8221; text_bg_color=&#8221;rgba(255,255,255,0.9)&#8221; module_bg_color=&#8221;rgba(255,255,255,0)&#8221; title_font_size=&#8221;36&#8243; title_font_size_tablet=&#8221;29&#8243; title_font_size_phone=&#8221;20&#8243; title_font_size_last_edited=&#8221;on|phone&#8221; title_text_color=&#8221;#fee29b&#8221; title_all_caps=&#8221;off&#8221; use_border_color=&#8221;off&#8221; border_color=&#8221;#ffffff&#8221; border_style=&#8221;solid&#8221;] [&hellip;]<\/p>\n","protected":false},"author":1,"featured_media":0,"parent":8658,"menu_order":0,"comment_status":"closed","ping_status":"closed","template":"","meta":{"footnotes":""},"class_list":["post-8662","page","type-page","status-publish","hentry"],"_links":{"self":[{"href":"https:\/\/thurzozoltan.com\/de\/wp-json\/wp\/v2\/pages\/8662","targetHints":{"allow":["GET"]}}],"collection":[{"href":"https:\/\/thurzozoltan.com\/de\/wp-json\/wp\/v2\/pages"}],"about":[{"href":"https:\/\/thurzozoltan.com\/de\/wp-json\/wp\/v2\/types\/page"}],"author":[{"embeddable":true,"href":"https:\/\/thurzozoltan.com\/de\/wp-json\/wp\/v2\/users\/1"}],"replies":[{"embeddable":true,"href":"https:\/\/thurzozoltan.com\/de\/wp-json\/wp\/v2\/comments?post=8662"}],"version-history":[{"count":24,"href":"https:\/\/thurzozoltan.com\/de\/wp-json\/wp\/v2\/pages\/8662\/revisions"}],"predecessor-version":[{"id":12801,"href":"https:\/\/thurzozoltan.com\/de\/wp-json\/wp\/v2\/pages\/8662\/revisions\/12801"}],"up":[{"embeddable":true,"href":"https:\/\/thurzozoltan.com\/de\/wp-json\/wp\/v2\/pages\/8658"}],"wp:attachment":[{"href":"https:\/\/thurzozoltan.com\/de\/wp-json\/wp\/v2\/media?parent=8662"}],"curies":[{"name":"wp","href":"https:\/\/api.w.org\/{rel}","templated":true}]}}