{"id":7080,"date":"2016-04-19T13:41:02","date_gmt":"2016-04-19T13:41:02","guid":{"rendered":"http:\/\/thurzozoltan.com\/fr\/irasok\/"},"modified":"2016-10-25T09:00:25","modified_gmt":"2016-10-25T09:00:25","slug":"irasok","status":"publish","type":"page","link":"https:\/\/thurzozoltan.com\/fr\/journal\/irasok\/","title":{"rendered":"Mes ouvrages publi\u00e9s"},"content":{"rendered":"[et_pb_section admin_label=&#8221;Section&#8221; fullwidth=&#8221;on&#8221; specialty=&#8221;off&#8221; transparent_background=&#8221;on&#8221; background_color=&#8221;#ffffff&#8221; allow_player_pause=&#8221;off&#8221; inner_shadow=&#8221;off&#8221; parallax=&#8221;off&#8221; parallax_method=&#8221;off&#8221; padding_mobile=&#8221;off&#8221; make_fullwidth=&#8221;off&#8221; use_custom_width=&#8221;off&#8221; width_unit=&#8221;on&#8221; make_equal=&#8221;off&#8221; use_custom_gutter=&#8221;off&#8221;][et_pb_fullwidth_post_title admin_label=&#8221;Fullwidth Post Title&#8221; title=&#8221;on&#8221; meta=&#8221;off&#8221; author=&#8221;on&#8221; date=&#8221;on&#8221; categories=&#8221;on&#8221; comments=&#8221;on&#8221; featured_image=&#8221;off&#8221; featured_placement=&#8221;below&#8221; parallax_effect=&#8221;on&#8221; parallax_method=&#8221;on&#8221; text_orientation=&#8221;center&#8221; text_color=&#8221;dark&#8221; text_background=&#8221;off&#8221; text_bg_color=&#8221;rgba(255,255,255,0.9)&#8221; module_bg_color=&#8221;rgba(255,255,255,0)&#8221; title_font_size=&#8221;36&#8243; title_font_size_tablet=&#8221;29&#8243; title_font_size_phone=&#8221;20&#8243; title_font_size_last_edited=&#8221;on|phone&#8221; title_text_color=&#8221;#fee29b&#8221; title_all_caps=&#8221;off&#8221; use_border_color=&#8221;off&#8221; border_color=&#8221;#ffffff&#8221; border_style=&#8221;solid&#8221;] [\/et_pb_fullwidth_post_title][\/et_pb_section][et_pb_section admin_label=&#8221;section&#8221; transparent_background=&#8221;on&#8221; background_color=&#8221;#ffffff&#8221; allow_player_pause=&#8221;off&#8221; inner_shadow=&#8221;off&#8221; parallax=&#8221;off&#8221; parallax_method=&#8221;off&#8221; padding_mobile=&#8221;off&#8221; make_fullwidth=&#8221;off&#8221; use_custom_width=&#8221;off&#8221; width_unit=&#8221;on&#8221; make_equal=&#8221;off&#8221; use_custom_gutter=&#8221;off&#8221;][et_pb_row admin_label=&#8221;row&#8221; make_fullwidth=&#8221;off&#8221; use_custom_width=&#8221;off&#8221; width_unit=&#8221;on&#8221; use_custom_gutter=&#8221;off&#8221; padding_mobile=&#8221;off&#8221; background_color=&#8221;rgba(0,0,0,0)&#8221; allow_player_pause=&#8221;off&#8221; parallax=&#8221;off&#8221; parallax_method=&#8221;off&#8221; make_equal=&#8221;off&#8221; parallax_1=&#8221;off&#8221; parallax_method_1=&#8221;off&#8221; column_padding_mobile=&#8221;on&#8221;][et_pb_column type=&#8221;4_4&#8243;][et_pb_text admin_label=&#8221;Text&#8221; background_layout=&#8221;light&#8221; text_orientation=&#8221;left&#8221; use_border_color=&#8221;off&#8221; border_color=&#8221;#ffffff&#8221; border_style=&#8221;solid&#8221;]\n<p style=\"text-align: justify;\">Dans nos pens\u00e9es sont combin\u00e9es la profondeur avec l\u2019enl\u00e8vement. Dans chaque \u00e2me il existe une agglom\u00e9ration de pens\u00e9es\u00a0 qui veulent \u00eatre partag\u00e9s avec les autres\u00a0; ce qui est le r\u00e9v\u00e9lateur du monde int\u00e9rieur dans le plus personnel, plus intime\u00a0Les jours quotidiens gris peuvent devenir plus color\u00e9s si on partage les connaissances, les \u00e9v\u00e9nements v\u00e9cus.<\/p>\n<p style=\"text-align: justify;\"><img loading=\"lazy\" decoding=\"async\" class=\"alignright wp-image-6210\" src=\"http:\/\/thurzozoltan.com\/wp-content\/uploads\/2016\/04\/Thurz\u00f3-Zolt\u00e1n.jpg\" alt=\"Thurz\u00f3 Zolt\u00e1n, Megjelent \u00edr\u00e1saim\" width=\"243\" height=\"432\" srcset=\"https:\/\/thurzozoltan.com\/wp-content\/uploads\/2016\/04\/Thurz\u00f3-Zolt\u00e1n.jpg 540w, https:\/\/thurzozoltan.com\/wp-content\/uploads\/2016\/04\/Thurz\u00f3-Zolt\u00e1n-169x300.jpg 169w\" sizes=\"auto, (max-width: 243px) 100vw, 243px\" \/>Je voudrais vous montrer \u00e0 tous comme je vois le monde et les gens.\u00a0Un visiteur de la page peut lire sur les valeurs des \u00e9poques r\u00e9volues, des attractions d\u2019histoire, des reflets de l\u2019image contemporaine. \u00a0Il peut trouver tant des nouvelles sur le pass\u00e9 qui lui attire l\u2019attention mais aussi des \u00e9v\u00e9nements contemporaines.\u00a0Pour une reproduction authentique des domaines artistiques\u00a0 et pour l\u2019art de la musique il est n\u00e9cessaire de l\u2019humilit\u00e9 et de l\u2019orientation multilat\u00e9rale.\u00a0Je sens n\u00e9cessaire un d\u00e9vouement et un engagement de transmettre dans des diff\u00e9rents modalit\u00e9s, les histoires que je les consid\u00e8re importantes et interessantes.\u00a0<\/p>\n<p style=\"text-align: justify;\">Mon d\u00e9sir de connaissance d\u00e9clanch\u00e9 par mes enseignants et les ancetres m\u2019emene \u00e0 une recherche continue.\u00a0Il est un honeur pour moi que les r\u00e9sultats de ceux\u00a0&#8211; ci peuvent etre partag\u00e9s avec la presse.\u00a0Tout moment musical est un message \u00e9ternellement enferm\u00e9 dans une capsule.\u00a0Mais pour comprendre le message il est tr\u00e8s important l\u2019\u00e9lement de liaison entre le compositeur et le publique.\u00a0En tout, il est la r\u00e9sponsabilit\u00e9 de l\u2019artiste at aussi le mien de rendre l\u2019interpr\u00e9tation non seulement avec le piano mais aussi avec les informations.\u00a0L\u2019objectif des publications\u00a0 est aussi la correction, la clarification des erreurs\u00a0 possibles dans l\u2019histoire de la musique.<\/p>\n<p style=\"text-align: justify;\">Comme artiste de piano il est important pour moi le perfectionnisme mais aussila soin de la culture musicale et de la culture.\u00a0En tant que locataire, il est mon travail sp\u00e9cial de d\u00e9couvrir l\u2019histoire musicale de Oradea\u00a0et garder la tradition de la famille.\u00a0De mon h\u00e9ritage de v\u00e9n\u00e9r\u00e9 grand-p\u00e8re Thurzo Sandor, je me soucie particuli\u00e8rement et j\u2019essaye par mes \u00e9crits d\u2019enseigner aux autres g\u00e9n\u00e9rations.\u00a0Je pense que la culture hongroise mais aussi les moments historiques\u00a0 peuvent fa\u00e7oner la vie des gens d\u2019aujourd\u2019hui.<\/p>\n<p style=\"text-align: justify;\">Mon objectif principal est de dire tout ce qui peut enrichir en sp\u00e9cial les habitants de la ville, mais aussi ceux ouverts pour la culture\u00a0 d\u2019ici et au-del\u00e0.\u00a0L\u2019\u00e9dition num\u00e9rique ne remplace pas les conversations personnelles, mais de nos jours, dans le monde informatique on peut trouver les petites portes par lesquelles l\u2019homme peut difuser, il peut pr\u00e9senter des valeurs.\u00a0Je voudrais que mes \u00e9crits naissasse d\u2019autres pens\u00e9es qui pourraient former un pont entre les gens et les \u00e9venements du pass\u00e9 et les gens et les \u00e9v\u00e9nements du pass\u00e9.<\/p>\n<p style=\"text-align: justify;\">\u00a0<\/p>\n[\/et_pb_text][et_pb_text admin_label=&#8221;Text&#8221; background_layout=&#8221;light&#8221; text_orientation=&#8221;left&#8221; use_border_color=&#8221;off&#8221; border_color=&#8221;#ffffff&#8221; border_style=&#8221;solid&#8221;]\n<h3>Sur le Festival \u201cMichael Haydn-Wenzel Pichl- Karl Ditters von Dittersdorf\u201d<\/h3>\n<table border=\"1\" width=\"100%\">\n<tbody>\n<tr style=\"height: 23px;\">\n<th style=\"height: 23px;\" scope=\"col\">Titre<\/th>\n<th style=\"height: 23px;\" scope=\"col\">Date de la publication<\/th>\n<th style=\"height: 23px;\" scope=\"col\">Nom de l\u2019organe de presse<\/th>\n<th style=\"height: 23px;\" scope=\"col\"><span id=\"result_box\" lang=\"fr\">Langue<\/span><\/th>\n<\/tr>\n<tr style=\"height: 23px;\">\n<td style=\"height: 23px;\"><a href=\"http:\/\/thurzozoltan.com\/fr\/orizni-kell-a-kulturalis-szellemi-orokseget\/\">\u00abL\u2019H\u00e9ritage spirituelle culturel doit se conserver\u00bb<\/a><\/td>\n<td style=\"height: 23px;\">8.10.2010<\/td>\n<td style=\"height: 23px;\">Bihari Napl\u00f3<\/td>\n<td style=\"height: 23px;\"><span id=\"result_box2\" lang=\"fr\">hongroise<\/span><\/td>\n<\/tr>\n<tr style=\"height: 23px;\">\n<td style=\"height: 23px;\"><a href=\"http:\/\/thurzozoltan.com\/fr\/nemzetkozi-rangra-emelni-nagyvarad-zenei-eletet\/\">\u00abL\u2019\u00e9levage de la vie musicale d\u2019Oradea au niveau international\u00bb<\/a><\/td>\n<td style=\"height: 23px;\">12.10.2010<\/td>\n<td style=\"height: 23px;\">Bihari Napl\u00f3<\/td>\n<td style=\"height: 23px;\"><span id=\"result_box3\" lang=\"fr\">hongroise<\/span><\/td>\n<\/tr>\n<tr style=\"height: 23px;\">\n<td style=\"height: 23px;\"><a href=\"http:\/\/thurzozoltan.com\/fr\/michael-haydn-patachich-adam-puspok-komponistaja\/\">\u00abMichael Haydn-Le compositeur de l\u2019\u00e9v\u00eaque Patachich \u00c1d\u00e1m\u00bb<\/a><\/td>\n<td style=\"height: 23px;\">13.10.2010<\/td>\n<td style=\"height: 23px;\">Bihari Napl\u00f3<\/td>\n<td style=\"height: 23px;\"><span id=\"result_box4\" lang=\"fr\">hongroise<\/span><\/td>\n<\/tr>\n<tr style=\"height: 23px;\">\n<td style=\"height: 23px;\"><a href=\"http:\/\/thurzozoltan.com\/fr\/dittersdorf-fontos-szerepe-a-varadi-klasszikus-zene-fejlodeseben\/\">\u00abLe r\u00f4le important de Dittersdorf dans l\u2019\u00e9volution de la musique classique d\u2019Oradea\u00bb<\/a><\/td>\n<td style=\"height: 23px;\">14.10.2010<\/td>\n<td style=\"height: 23px;\">Bihari Napl\u00f3<\/td>\n<td style=\"height: 23px;\"><span id=\"result_box5\" lang=\"fr\">hongroise<\/span><\/td>\n<\/tr>\n<tr style=\"height: 23px;\">\n<td style=\"height: 23px;\"><a href=\"http:\/\/thurzozoltan.com\/fr\/karl-ditters-von-dittersdorf-nagyvaradi-munkassagarol\/\">\u00abSur l\u2019activit\u00e9 d\u2019Oradea de Karl Ditters von Dittersdorf\u00bb<\/a><\/td>\n<td style=\"height: 23px;\">15.10.2010<\/td>\n<td style=\"height: 23px;\">Bihari Napl\u00f3<\/td>\n<td style=\"height: 23px;\"><span id=\"result_box6\" lang=\"fr\">hongroise<\/span><\/td>\n<\/tr>\n<tr style=\"height: 23.9167px;\">\n<td style=\"height: 23.9167px;\"><a href=\"http:\/\/thurzozoltan.com\/fr\/wenzel-pichl-zeneszerzo-nagyvaradi-tartozkodasarol\/\">\u00abLe temps pass\u00e9 par le compositeur Wenzel Pichl en Oradea\u00bb<\/a><\/td>\n<td style=\"height: 23.9167px;\">16.10.2010<\/td>\n<td style=\"height: 23.9167px;\">Bihari Napl\u00f3<\/td>\n<td style=\"height: 23.9167px;\"><span id=\"result_box7\" lang=\"fr\">hongroise<\/span><\/td>\n<\/tr>\n<\/tbody>\n<\/table>\n<p>&nbsp;<\/p>\n<table border=\"1\" width=\"100%\">\n<tbody>\n<tr>\n<th scope=\"col\">Titre<\/th>\n<th scope=\"col\">Date de la publication<\/th>\n<th scope=\"col\">Nom de l\u2019organe de presse<\/th>\n<th scope=\"col\">Langue<\/th>\n<\/tr>\n<tr>\n<td><a href=\"http:\/\/thurzozoltan.com\/fr\/megint-szegenyebbek-lettunk-elhunyt-varga-vilmos-szinmuvesz\/\">De nouveau nous sommes devenus plus pauvres, l\u2019acteur Varga Vilmos est mort<\/a><\/td>\n<td>12.07.2016<\/td>\n<td>Bihari Napl\u00f3<\/td>\n<td><span id=\"result_box8\" lang=\"fr\">hongroise<\/span><\/td>\n<\/tr>\n<\/tbody>\n<\/table>\n<p>&nbsp;<\/p>\n[\/et_pb_text][\/et_pb_column][\/et_pb_row][et_pb_row admin_label=&#8221;Row&#8221;][et_pb_column type=&#8221;4_4&#8243;][et_pb_divider admin_label=&#8221;Divider&#8221; color=&#8221;#ffffff&#8221; show_divider=&#8221;off&#8221; height=&#8221;100&#8243; divider_style=&#8221;solid&#8221; divider_position=&#8221;top&#8221; hide_on_mobile=&#8221;on&#8221;] [\/et_pb_divider][\/et_pb_column][\/et_pb_row][\/et_pb_section]\n","protected":false},"excerpt":{"rendered":"<p>[et_pb_section admin_label=&#8221;Section&#8221; fullwidth=&#8221;on&#8221; specialty=&#8221;off&#8221; transparent_background=&#8221;on&#8221; background_color=&#8221;#ffffff&#8221; allow_player_pause=&#8221;off&#8221; inner_shadow=&#8221;off&#8221; parallax=&#8221;off&#8221; parallax_method=&#8221;off&#8221; padding_mobile=&#8221;off&#8221; make_fullwidth=&#8221;off&#8221; use_custom_width=&#8221;off&#8221; width_unit=&#8221;on&#8221; make_equal=&#8221;off&#8221; use_custom_gutter=&#8221;off&#8221;][et_pb_fullwidth_post_title admin_label=&#8221;Fullwidth Post Title&#8221; title=&#8221;on&#8221; meta=&#8221;off&#8221; author=&#8221;on&#8221; date=&#8221;on&#8221; categories=&#8221;on&#8221; comments=&#8221;on&#8221; featured_image=&#8221;off&#8221; featured_placement=&#8221;below&#8221; parallax_effect=&#8221;on&#8221; parallax_method=&#8221;on&#8221; text_orientation=&#8221;center&#8221; text_color=&#8221;dark&#8221; text_background=&#8221;off&#8221; text_bg_color=&#8221;rgba(255,255,255,0.9)&#8221; module_bg_color=&#8221;rgba(255,255,255,0)&#8221; title_font_size=&#8221;36&#8243; title_font_size_tablet=&#8221;29&#8243; title_font_size_phone=&#8221;20&#8243; title_font_size_last_edited=&#8221;on|phone&#8221; title_text_color=&#8221;#fee29b&#8221; title_all_caps=&#8221;off&#8221; use_border_color=&#8221;off&#8221; border_color=&#8221;#ffffff&#8221; border_style=&#8221;solid&#8221;] [\/et_pb_fullwidth_post_title][\/et_pb_section][et_pb_section admin_label=&#8221;section&#8221; transparent_background=&#8221;on&#8221; background_color=&#8221;#ffffff&#8221; allow_player_pause=&#8221;off&#8221; inner_shadow=&#8221;off&#8221; parallax=&#8221;off&#8221; parallax_method=&#8221;off&#8221; padding_mobile=&#8221;off&#8221; make_fullwidth=&#8221;off&#8221; use_custom_width=&#8221;off&#8221; width_unit=&#8221;on&#8221; [&hellip;]<\/p>\n","protected":false},"author":1,"featured_media":0,"parent":8639,"menu_order":0,"comment_status":"closed","ping_status":"closed","template":"","meta":{"footnotes":""},"class_list":["post-7080","page","type-page","status-publish","hentry"],"_links":{"self":[{"href":"https:\/\/thurzozoltan.com\/fr\/wp-json\/wp\/v2\/pages\/7080","targetHints":{"allow":["GET"]}}],"collection":[{"href":"https:\/\/thurzozoltan.com\/fr\/wp-json\/wp\/v2\/pages"}],"about":[{"href":"https:\/\/thurzozoltan.com\/fr\/wp-json\/wp\/v2\/types\/page"}],"author":[{"embeddable":true,"href":"https:\/\/thurzozoltan.com\/fr\/wp-json\/wp\/v2\/users\/1"}],"replies":[{"embeddable":true,"href":"https:\/\/thurzozoltan.com\/fr\/wp-json\/wp\/v2\/comments?post=7080"}],"version-history":[{"count":5,"href":"https:\/\/thurzozoltan.com\/fr\/wp-json\/wp\/v2\/pages\/7080\/revisions"}],"predecessor-version":[{"id":9417,"href":"https:\/\/thurzozoltan.com\/fr\/wp-json\/wp\/v2\/pages\/7080\/revisions\/9417"}],"up":[{"embeddable":true,"href":"https:\/\/thurzozoltan.com\/fr\/wp-json\/wp\/v2\/pages\/8639"}],"wp:attachment":[{"href":"https:\/\/thurzozoltan.com\/fr\/wp-json\/wp\/v2\/media?parent=7080"}],"curies":[{"name":"wp","href":"https:\/\/api.w.org\/{rel}","templated":true}]}}